{"id":16991,"date":"2018-06-03T14:50:53","date_gmt":"2018-06-03T19:50:53","guid":{"rendered":"https:\/\/www.lasterrazasdedana.com\/le-lodge\/comment-se-rendre-a-las-terrazas-de-dana\/"},"modified":"2025-07-10T17:57:08","modified_gmt":"2025-07-10T22:57:08","slug":"comment-se-rendre-a-las-terrazas-de-dana","status":"publish","type":"page","link":"https:\/\/www.lasterrazasdedana.com\/fr\/le-lodge\/comment-se-rendre-a-las-terrazas-de-dana\/","title":{"rendered":"Comment se rendre \u00e0 Las Terrazas de Dana"},"content":{"rendered":"\t\t<div data-elementor-type=\"wp-post\" data-elementor-id=\"16991\" class=\"elementor elementor-16991 elementor-4294\" data-elementor-post-type=\"page\">\n\t\t\t\t<div class=\"elementor-element elementor-element-37818610 e-con-full e-flex e-con e-parent\" data-id=\"37818610\" data-element_type=\"container\" data-e-type=\"container\" data-settings=\"{&quot;background_background&quot;:&quot;classic&quot;}\">\n\t\t<div class=\"elementor-element elementor-element-67f5be5e e-con-full e-flex e-con e-child\" data-id=\"67f5be5e\" data-element_type=\"container\" data-e-type=\"container\" data-settings=\"{&quot;background_background&quot;:&quot;classic&quot;}\">\n\t\t\t\t<div class=\"elementor-element elementor-element-7b35151a bng-hd animated-slow elementor-widget elementor-widget-heading\" data-id=\"7b35151a\" data-element_type=\"widget\" data-e-type=\"widget\" data-settings=\"{&quot;_animation&quot;:&quot;none&quot;}\" data-widget_type=\"heading.default\">\n\t\t\t\t<div class=\"elementor-widget-container\">\n\t\t\t\t\t<h2 class=\"elementor-heading-title elementor-size-default\">Comment se rendre \u00e0<\/h2>\t\t\t\t<\/div>\n\t\t\t\t<\/div>\n\t\t\t\t<div class=\"elementor-element elementor-element-48f065b1 bng-hd animated-slow elementor-widget elementor-widget-heading\" data-id=\"48f065b1\" data-element_type=\"widget\" data-e-type=\"widget\" data-settings=\"{&quot;_animation&quot;:&quot;none&quot;}\" data-widget_type=\"heading.default\">\n\t\t\t\t<div class=\"elementor-widget-container\">\n\t\t\t\t\t<h2 class=\"elementor-heading-title elementor-size-default\">Las Terrazas de Dana Boutique Lodge &amp; Spa<\/h2>\t\t\t\t<\/div>\n\t\t\t\t<\/div>\n\t\t\t\t<\/div>\n\t\t<div class=\"elementor-element elementor-element-17892a46 e-con-full e-flex e-con e-child\" data-id=\"17892a46\" data-element_type=\"container\" data-e-type=\"container\" data-settings=\"{&quot;position&quot;:&quot;absolute&quot;}\">\n\t\t\t\t<div class=\"elementor-element elementor-element-6a7a5536 elementor-absolute elementor-hidden-mobile elementor-widget elementor-widget-image\" data-id=\"6a7a5536\" data-element_type=\"widget\" data-e-type=\"widget\" data-settings=\"{&quot;_position&quot;:&quot;absolute&quot;}\" data-widget_type=\"image.default\">\n\t\t\t\t<div class=\"elementor-widget-container\">\n\t\t\t\t\t\t\t\t\t\t\t\t\t\t\t<img fetchpriority=\"high\" decoding=\"async\" width=\"346\" height=\"173\" src=\"https:\/\/www.lasterrazasdedana.com\/wp-content\/uploads\/2024\/07\/img42-removebg-preview-e1719557262941.png\" class=\"attachment-large size-large wp-image-12367\" alt=\"\" srcset=\"https:\/\/www.lasterrazasdedana.com\/wp-content\/uploads\/2024\/07\/img42-removebg-preview-e1719557262941.png 346w, https:\/\/www.lasterrazasdedana.com\/wp-content\/uploads\/2024\/07\/img42-removebg-preview-e1719557262941-300x150.png 300w\" sizes=\"(max-width: 346px) 100vw, 346px\" title=\"\">\t\t\t\t\t\t\t\t\t\t\t\t\t\t\t<\/div>\n\t\t\t\t<\/div>\n\t\t\t\t<\/div>\n\t\t\t\t<\/div>\n\t\t<div class=\"elementor-element elementor-element-4d6dd378 e-con-full e-flex e-con e-parent\" data-id=\"4d6dd378\" data-element_type=\"container\" data-e-type=\"container\">\n\t\t<div class=\"elementor-element elementor-element-2687f81d e-con-full elementor-hidden-mobile e-flex e-con e-child\" data-id=\"2687f81d\" data-element_type=\"container\" data-e-type=\"container\">\n\t\t\t\t<\/div>\n\t\t<div class=\"elementor-element elementor-element-7d4e0706 e-con-full e-flex e-con e-child\" data-id=\"7d4e0706\" data-element_type=\"container\" data-e-type=\"container\" data-settings=\"{&quot;background_background&quot;:&quot;classic&quot;}\">\n\t\t\t\t<div class=\"elementor-element elementor-element-e6fa52d animated-slow elementor-widget elementor-widget-heading\" data-id=\"e6fa52d\" data-element_type=\"widget\" data-e-type=\"widget\" data-settings=\"{&quot;_animation&quot;:&quot;none&quot;}\" data-widget_type=\"heading.default\">\n\t\t\t\t<div class=\"elementor-widget-container\">\n\t\t\t\t\t<h2 class=\"elementor-heading-title elementor-size-default\"><span style=\"color:#EDB95D\">NOTRE LOGE<\/span> est seulement \u00e0 1,2 km, de Mindo, direction le t\u00e9l\u00e9ph\u00e9rique (Tarabita) et le Sanctuaire des Cascades. <\/h2>\t\t\t\t<\/div>\n\t\t\t\t<\/div>\n\t\t\t\t<\/div>\n\t\t\t\t<\/div>\n\t\t<div class=\"elementor-element elementor-element-76fce1f e-con-full e-flex e-con e-parent\" data-id=\"76fce1f\" data-element_type=\"container\" data-e-type=\"container\">\n\t\t<div class=\"elementor-element elementor-element-44cc6a91 e-con-full e-flex e-con e-child\" data-id=\"44cc6a91\" data-element_type=\"container\" data-e-type=\"container\" data-settings=\"{&quot;background_background&quot;:&quot;classic&quot;}\">\n\t\t\t\t<div class=\"elementor-element elementor-element-37ce02fb elementor-widget elementor-widget-heading\" data-id=\"37ce02fb\" data-element_type=\"widget\" data-e-type=\"widget\" data-widget_type=\"heading.default\">\n\t\t\t\t<div class=\"elementor-widget-container\">\n\t\t\t\t\t<h2 class=\"elementor-heading-title elementor-size-default\">Transport priv\u00e9<\/h2>\t\t\t\t<\/div>\n\t\t\t\t<\/div>\n\t\t\t\t<\/div>\n\t\t<div class=\"elementor-element elementor-element-420a62b2 e-con-full e-flex e-con e-child\" data-id=\"420a62b2\" data-element_type=\"container\" data-e-type=\"container\">\n\t\t<div class=\"elementor-element elementor-element-5b7a82e8 e-con-full e-flex e-con e-child\" data-id=\"5b7a82e8\" data-element_type=\"container\" data-e-type=\"container\" data-settings=\"{&quot;background_background&quot;:&quot;classic&quot;}\">\n\t\t\t\t<div class=\"elementor-element elementor-element-2f7fb214 elementor-widget elementor-widget-heading\" data-id=\"2f7fb214\" data-element_type=\"widget\" data-e-type=\"widget\" data-widget_type=\"heading.default\">\n\t\t\t\t<div class=\"elementor-widget-container\">\n\t\t\t\t\t<h2 class=\"elementor-heading-title elementor-size-default\">SI vous d\u00e9cider de venir avec un transport organis\u00e9:<\/h2>\t\t\t\t<\/div>\n\t\t\t\t<\/div>\n\t\t\t\t<div class=\"elementor-element elementor-element-372542db elementor-widget elementor-widget-heading\" data-id=\"372542db\" data-element_type=\"widget\" data-e-type=\"widget\" data-widget_type=\"heading.default\">\n\t\t\t\t<div class=\"elementor-widget-container\">\n\t\t\t\t\t<h2 class=\"elementor-heading-title elementor-size-default\">Nous vous recommandons de faire appel \u00e0 notre service de transport, car nous travaillons avec des chauffeurs fiables de Mindo.<\/h2>\t\t\t\t<\/div>\n\t\t\t\t<\/div>\n\t\t\t\t<\/div>\n\t\t<div class=\"elementor-element elementor-element-53c06241 e-con-full e-flex e-con e-child\" data-id=\"53c06241\" data-element_type=\"container\" data-e-type=\"container\">\n\t\t\t\t<div class=\"elementor-element elementor-element-3171bc08 animated-slow elementor-widget elementor-widget-heading\" data-id=\"3171bc08\" data-element_type=\"widget\" data-e-type=\"widget\" data-settings=\"{&quot;_animation&quot;:&quot;none&quot;}\" data-widget_type=\"heading.default\">\n\t\t\t\t<div class=\"elementor-widget-container\">\n\t\t\t\t\t<h2 class=\"elementor-heading-title elementor-size-default\">Tarif jusqu'\u00e0 4 personnes (type de voiture : pick up ou SUV).<\/h2>\t\t\t\t<\/div>\n\t\t\t\t<\/div>\n\t\t\t\t<div class=\"elementor-element elementor-element-220e68ff cust elementor-widget elementor-widget-html\" data-id=\"220e68ff\" data-element_type=\"widget\" data-e-type=\"widget\" data-widget_type=\"html.default\">\n\t\t\t\t<div class=\"elementor-widget-container\">\n\t\t\t\t\t<p>Depuis et vers Quito: <span>$95.00 dans chaque sens<\/span><\/p>\n<p>Depuis et vers A\u00e9roport, zone a\u00e9roportuaire H\u00f4tel ou zone de la vall\u00e9e: <span>$95.00 dans chaque sens<\/span>\n<p>Depuis et vers Otavalo: <span>$130.00 dans chaque sens<\/span>\n<p>Depuis et vers Papallacta: <span>$120.00 dans chaque sens<\/span>\n<p>Depuis et vers Cotopaxi: <span>$150.00 dans chaque sens<\/span>\n<p>Depuis et vers Ba\u00f1os: <span>$180.00 dans chaque sens<\/span>\n<p>Possibilit\u00e9 de s'arr\u00eater \u00e0 \u00ab Mitad del Mundo \u00bb et \u00ab Los Armadillos hummingbirds garden \u00bb, qui se trouve au milieu de l'excursion. 10$ \u00e0 ajouter \u00e0 nos tarifs si des arr\u00eats sont demand\u00e9s. \n\n<p>Le paiement peut \u00eatre effectu\u00e9 par carte de cr\u00e9dit et ajout\u00e9 \u00e0 votre facture d'h\u00f4tel. Aucun frais suppl\u00e9mentaire ne s'applique. \n<center><u>Pour les groupes plus grands, veuillez nous contacter.<\/u><\/center>\t\t\t\t<\/div>\n\t\t\t\t<\/div>\n\t\t\t\t<\/div>\n\t\t\t\t<\/div>\n\t\t\t\t<\/div>\n\t\t<div class=\"elementor-element elementor-element-4ce829c1 e-con-full e-flex e-con e-parent\" data-id=\"4ce829c1\" data-element_type=\"container\" data-e-type=\"container\">\n\t\t<div class=\"elementor-element elementor-element-74a2e0a7 e-con-full e-flex e-con e-child\" data-id=\"74a2e0a7\" data-element_type=\"container\" data-e-type=\"container\" data-settings=\"{&quot;background_background&quot;:&quot;classic&quot;}\">\n\t\t\t\t<div class=\"elementor-element elementor-element-77ae4d47 elementor-widget elementor-widget-heading\" data-id=\"77ae4d47\" data-element_type=\"widget\" data-e-type=\"widget\" data-widget_type=\"heading.default\">\n\t\t\t\t<div class=\"elementor-widget-container\">\n\t\t\t\t\t<h2 class=\"elementor-heading-title elementor-size-default\">Bus<\/h2>\t\t\t\t<\/div>\n\t\t\t\t<\/div>\n\t\t\t\t<\/div>\n\t\t<div class=\"elementor-element elementor-element-7defb453 e-con-full e-flex e-con e-child\" data-id=\"7defb453\" data-element_type=\"container\" data-e-type=\"container\">\n\t\t<div class=\"elementor-element elementor-element-4a4691a6 e-con-full e-flex e-con e-child\" data-id=\"4a4691a6\" data-element_type=\"container\" data-e-type=\"container\" data-settings=\"{&quot;background_background&quot;:&quot;classic&quot;}\">\n\t\t\t\t<div class=\"elementor-element elementor-element-26361fc1 elementor-widget elementor-widget-heading\" data-id=\"26361fc1\" data-element_type=\"widget\" data-e-type=\"widget\" data-widget_type=\"heading.default\">\n\t\t\t\t<div class=\"elementor-widget-container\">\n\t\t\t\t\t<h2 class=\"elementor-heading-title elementor-size-default\">Si vous choisissez de voyager en bus:<\/h2>\t\t\t\t<\/div>\n\t\t\t\t<\/div>\n\t\t\t\t<div class=\"elementor-element elementor-element-6d8770f3 elementor-widget elementor-widget-heading\" data-id=\"6d8770f3\" data-element_type=\"widget\" data-e-type=\"widget\" data-widget_type=\"heading.default\">\n\t\t\t\t<div class=\"elementor-widget-container\">\n\t\t\t\t\t<h2 class=\"elementor-heading-title elementor-size-default\">Le trajet de Quito \u00e0 Mindo dure environ 2 heures. Commencez par vous rendre au Terminal Terrestre Norte, \u00e9galement connu sous le nom de gare routi\u00e8re de La Ofelia. L\u00e0, prenez un bus op\u00e9r\u00e9 par la Cooperativa Flor del Valle. V\u00e9rifiez les horaires et arrivez au moins 15 \u00e0 20 minutes avant le d\u00e9part pour acheter votre billet.   <\/h2>\t\t\t\t<\/div>\n\t\t\t\t<\/div>\n\t\t\t\t<\/div>\n\t\t<div class=\"elementor-element elementor-element-1c5ece22 e-con-full e-flex e-con e-child\" data-id=\"1c5ece22\" data-element_type=\"container\" data-e-type=\"container\">\n\t\t\t\t<div class=\"elementor-element elementor-element-3a10ce52 animated-slow elementor-widget elementor-widget-heading\" data-id=\"3a10ce52\" data-element_type=\"widget\" data-e-type=\"widget\" data-settings=\"{&quot;_animation&quot;:&quot;none&quot;}\" data-widget_type=\"heading.default\">\n\t\t\t\t<div class=\"elementor-widget-container\">\n\t\t\t\t\t<h2 class=\"elementor-heading-title elementor-size-default\">HORAIRE DES BUS<\/h2>\t\t\t\t<\/div>\n\t\t\t\t<\/div>\n\t\t\t\t<\/div>\n\t\t<div class=\"elementor-element elementor-element-37805c0 e-con-full e-flex e-con e-child\" data-id=\"37805c0\" data-element_type=\"container\" data-e-type=\"container\">\n\t\t\t\t<div class=\"elementor-element elementor-element-29d9df11 elementor-widget elementor-widget-html\" data-id=\"29d9df11\" data-element_type=\"widget\" data-e-type=\"widget\" data-widget_type=\"html.default\">\n\t\t\t\t<div class=\"elementor-widget-container\">\n\t\t\t\t\t <div class=\"main-table\">\n        <div class=\"Monday\">\n            <div>\n                <h5 class=\"my-text1\">DU LUNDI AU VENDREDI<\/h5>\n            <\/div>\n            <div class=\"week-box week-box1\">\n                <div><h5 class=\"heading-1\">Quito - Mindo<\/h5><\/div>\n                <div><h5 class=\"heading-2\">Mindo - Quito<\/h5><\/div>\n            <\/div>\n            <div class=\"time-box\">\n                <div class=\"my-time my-time1\">\n                    <p>8h00<\/p>\n                    <p>9h00<\/p>\n                    <p>11h00<\/p>\n                    <p>16h00<\/p>\n                  <p> &nbsp;<\/p>\n                <\/div>\n                <div class=\"my-time my-time2\">\n                    <p>6h30<\/p>\n                    <p>11h00<\/p>\n                    <p>15h15<\/p>\n                    <p>17h00<\/p>\n                    <p> &nbsp;<\/p>\n                <\/div>\n            <\/div>\n\n        <\/div>\n        <div class=\"Saturday\">\n            <div>\n                <h5 class=\"my-text2\">SAMEDI ET DIMANCHE<\/h5>\n            <\/div>\n            <div class=\"week-box week-box2\">\n                <div><h5 class=\"heading-1\">Quito - Mindo<\/h5><\/div>\n                <div><h5 class=\"heading-2\">Mindo - Quito<\/h5><\/div>\n            <\/div>\n            <div class=\"time-box\">\n                <div class=\"my-time my-time1\">\n                    <p>8h00<\/p>\n                    <p>9h00<\/p>\n                    <p>11h00<\/p>\n                    <p>13h00<\/p>\n                    <p>16h00<\/p>\n                <\/div>\n                <div class=\"my-time my-time2\">\n                    <p>6h30<\/p>\n                    <p>11h00<\/p>\n                    <p>15h15<\/p>\n                    <p>16h00<\/p>\n                    <p>17h00<\/p>\n                <\/div>\n            <\/div>\n\n        <\/div>\n    <\/div>\t\t\t\t<\/div>\n\t\t\t\t<\/div>\n\t\t\t\t<\/div>\n\t\t\t\t<\/div>\n\t\t\t\t<\/div>\n\t\t<div class=\"elementor-element elementor-element-6b34bf42 e-con-full e-flex e-con e-parent\" data-id=\"6b34bf42\" data-element_type=\"container\" data-e-type=\"container\">\n\t\t<div class=\"elementor-element elementor-element-50cfae6d e-con-full e-flex e-con e-child\" data-id=\"50cfae6d\" data-element_type=\"container\" data-e-type=\"container\" data-settings=\"{&quot;background_background&quot;:&quot;classic&quot;}\">\n\t\t\t\t<div class=\"elementor-element elementor-element-3bc0bbc2 elementor-widget elementor-widget-heading\" data-id=\"3bc0bbc2\" data-element_type=\"widget\" data-e-type=\"widget\" data-widget_type=\"heading.default\">\n\t\t\t\t<div class=\"elementor-widget-container\">\n\t\t\t\t\t<h2 class=\"elementor-heading-title elementor-size-default\">Voiture priv\u00e9e<\/h2>\t\t\t\t<\/div>\n\t\t\t\t<\/div>\n\t\t\t\t<\/div>\n\t\t<div class=\"elementor-element elementor-element-16aefb6d e-con-full e-flex e-con e-child\" data-id=\"16aefb6d\" data-element_type=\"container\" data-e-type=\"container\">\n\t\t<div class=\"elementor-element elementor-element-55387f7e e-con-full e-flex e-con e-child\" data-id=\"55387f7e\" data-element_type=\"container\" data-e-type=\"container\" data-settings=\"{&quot;background_background&quot;:&quot;classic&quot;}\">\n\t\t\t\t<div class=\"elementor-element elementor-element-5b03b4bc elementor-widget elementor-widget-heading\" data-id=\"5b03b4bc\" data-element_type=\"widget\" data-e-type=\"widget\" data-widget_type=\"heading.default\">\n\t\t\t\t<div class=\"elementor-widget-container\">\n\t\t\t\t\t<h2 class=\"elementor-heading-title elementor-size-default\">Si vous decidez de venir avec votre propre voiture:<\/h2>\t\t\t\t<\/div>\n\t\t\t\t<\/div>\n\t\t\t\t<div class=\"elementor-element elementor-element-6cd76700 elementor-widget elementor-widget-heading\" data-id=\"6cd76700\" data-element_type=\"widget\" data-e-type=\"widget\" data-widget_type=\"heading.default\">\n\t\t\t\t<div class=\"elementor-widget-container\">\n\t\t\t\t\t<h2 class=\"elementor-heading-title elementor-size-default\">Vous devez prendre la route en direction de la \u00ab Mitad del Mundo \u00bb et continuer en direction de \u00ab San Miguel de los Bancos \u00bb.\nApr\u00e8s avoir pass\u00e9 Nanegalito, vous verrez un panneau indiquant de tourner \u00e0 gauche vers Mindo.\nUne fois \u00e0 Mindo, l'acc\u00e8s \u00e0 l'h\u00f4tel est facile. Dirigez-vous vers le t\u00e9l\u00e9ph\u00e9rique (Tarabita) et le Sanctuaire des cascades.\nTraversez le petit pont qui enjambe la rivi\u00e8re Mindo, puis continuez jusqu'au premier virage \u00e0 gauche. et continuer sur 200 m\u00e8tres jusqu'\u00e0 l'entr\u00e9e de l'h\u00f4tel.  <\/h2>\t\t\t\t<\/div>\n\t\t\t\t<\/div>\n\t\t\t\t<\/div>\n\t\t<div class=\"elementor-element elementor-element-33a4b705 e-con-full butt e-flex e-con e-child\" data-id=\"33a4b705\" data-element_type=\"container\" data-e-type=\"container\">\n\t\t\t\t<div class=\"elementor-element elementor-element-142534e9 elementor-position-right elementor-vertical-align-middle elementor-widget__width-initial elementor-position-right elementor-widget elementor-widget-image-box\" data-id=\"142534e9\" data-element_type=\"widget\" data-e-type=\"widget\" data-widget_type=\"image-box.default\">\n\t\t\t\t<div class=\"elementor-widget-container\">\n\t\t\t\t\t<div class=\"elementor-image-box-wrapper\"><figure class=\"elementor-image-box-img\"><a href=\"https:\/\/www.google.com\/maps?ll=-0.062679,-78.769624&#038;z=15&#038;t=m&#038;hl=en-US&#038;gl=US&#038;mapclient=embed&#038;cid=4638833714396020125\" target=\"_blank\" tabindex=\"-1\" rel=\"noopener\"><img decoding=\"async\" width=\"78\" height=\"79\" src=\"https:\/\/www.lasterrazasdedana.com\/wp-content\/uploads\/2024\/07\/1.jpg\" class=\"attachment-full size-full wp-image-12450\" alt=\"\" title=\"\"><\/a><\/figure><div class=\"elementor-image-box-content\"><h3 class=\"elementor-image-box-title\"><a href=\"https:\/\/www.google.com\/maps?ll=-0.062679,-78.769624&#038;z=15&#038;t=m&#038;hl=en-US&#038;gl=US&#038;mapclient=embed&#038;cid=4638833714396020125\" target=\"_blank\" rel=\"noopener\">GOOGLE MAPS<\/a><\/h3><\/div><\/div>\t\t\t\t<\/div>\n\t\t\t\t<\/div>\n\t\t\t\t<div class=\"elementor-element elementor-element-3771937 elementor-position-right elementor-vertical-align-middle elementor-widget__width-initial elementor-widget elementor-widget-image-box\" data-id=\"3771937\" data-element_type=\"widget\" data-e-type=\"widget\" data-widget_type=\"image-box.default\">\n\t\t\t\t<div class=\"elementor-widget-container\">\n\t\t\t\t\t<div class=\"elementor-image-box-wrapper\"><figure class=\"elementor-image-box-img\"><a href=\"https:\/\/www.waze.com\/live-map\/directions\/las-terrazas-de-dana-lodge-via-a-las-cascadas-mindo?to=place.w.184289031.1843086922.3285570\" tabindex=\"-1\" target=\"_blank\" rel=\"noopener\"><img decoding=\"async\" width=\"78\" height=\"75\" src=\"https:\/\/www.lasterrazasdedana.com\/wp-content\/uploads\/2024\/07\/2.jpg\" class=\"attachment-full size-full wp-image-12452\" alt=\"\" title=\"\"><\/a><\/figure><div class=\"elementor-image-box-content\"><h3 class=\"elementor-image-box-title\"><a href=\"https:\/\/www.waze.com\/live-map\/directions\/las-terrazas-de-dana-lodge-via-a-las-cascadas-mindo?to=place.w.184289031.1843086922.3285570\" target=\"_blank\" rel=\"noopener\">WAZE<\/a><\/h3><\/div><\/div>\t\t\t\t<\/div>\n\t\t\t\t<\/div>\n\t\t\t\t<\/div>\n\t\t\t\t<\/div>\n\t\t\t\t<\/div>\n\t\t<div class=\"elementor-element elementor-element-1248c272 e-flex e-con-boxed e-con e-parent\" data-id=\"1248c272\" data-element_type=\"container\" data-e-type=\"container\">\n\t\t\t\t\t<div class=\"e-con-inner\">\n\t\t<div class=\"elementor-element elementor-element-16391d4a e-con-full e-flex e-con e-child\" data-id=\"16391d4a\" data-element_type=\"container\" data-e-type=\"container\">\n\t\t\t\t<div class=\"elementor-element elementor-element-1d53c21c elementor-widget elementor-widget-html\" data-id=\"1d53c21c\" data-element_type=\"widget\" data-e-type=\"widget\" data-widget_type=\"html.default\">\n\t\t\t\t<div class=\"elementor-widget-container\">\n\t\t\t\t\t<script class=\"kas_online_reception\" src=\"https:\/\/wubook.net\/js\/nebk\/bwidget.jgz\" data-wid=\"9b01c637-f8db-41ee-9448-0e46f68f28c3\"><\/script>\t\t\t\t<\/div>\n\t\t\t\t<\/div>\n\t\t\t\t<\/div>\n\t\t\t\t\t<\/div>\n\t\t\t\t<\/div>\n\t\t\t\t<\/div>\n\t\t","protected":false},"excerpt":{"rendered":"<p>Comment se rendre \u00e0 Las Terrazas de Dana Boutique Lodge &amp; Spa NOTRE LOGE est seulement \u00e0 1,2 km, de Mindo, direction le t\u00e9l\u00e9ph\u00e9rique (Tarabita) et le Sanctuaire des Cascades. Transport priv\u00e9 SI vous d\u00e9cider de venir avec un transport organis\u00e9: Nous vous recommandons de faire appel \u00e0 notre service de transport, car nous travaillons [&hellip;]<\/p>\n","protected":false},"author":2,"featured_media":0,"parent":16713,"menu_order":0,"comment_status":"closed","ping_status":"closed","template":"elementor_header_footer","meta":{"footnotes":""},"class_list":["post-16991","page","type-page","status-publish","hentry"],"_links":{"self":[{"href":"https:\/\/www.lasterrazasdedana.com\/fr\/wp-json\/wp\/v2\/pages\/16991","targetHints":{"allow":["GET"]}}],"collection":[{"href":"https:\/\/www.lasterrazasdedana.com\/fr\/wp-json\/wp\/v2\/pages"}],"about":[{"href":"https:\/\/www.lasterrazasdedana.com\/fr\/wp-json\/wp\/v2\/types\/page"}],"author":[{"embeddable":true,"href":"https:\/\/www.lasterrazasdedana.com\/fr\/wp-json\/wp\/v2\/users\/2"}],"replies":[{"embeddable":true,"href":"https:\/\/www.lasterrazasdedana.com\/fr\/wp-json\/wp\/v2\/comments?post=16991"}],"version-history":[{"count":4,"href":"https:\/\/www.lasterrazasdedana.com\/fr\/wp-json\/wp\/v2\/pages\/16991\/revisions"}],"predecessor-version":[{"id":17013,"href":"https:\/\/www.lasterrazasdedana.com\/fr\/wp-json\/wp\/v2\/pages\/16991\/revisions\/17013"}],"up":[{"embeddable":true,"href":"https:\/\/www.lasterrazasdedana.com\/fr\/wp-json\/wp\/v2\/pages\/16713"}],"wp:attachment":[{"href":"https:\/\/www.lasterrazasdedana.com\/fr\/wp-json\/wp\/v2\/media?parent=16991"}],"curies":[{"name":"wp","href":"https:\/\/api.w.org\/{rel}","templated":true}]}}